{"id":1891,"date":"2022-11-17T16:45:00","date_gmt":"2022-11-17T15:45:00","guid":{"rendered":"https:\/\/www.euroco.fr\/?post_type=product&#038;p=1891"},"modified":"2022-11-17T16:45:00","modified_gmt":"2022-11-17T15:45:00","slug":"cereales-et-produits-biologiques-markal","status":"publish","type":"product","link":"https:\/\/www.euroco.fr\/fr\/produit\/cereales-et-produits-biologiques-markal\/","title":{"rendered":"C\u00e9r\u00e9ales et produits biologiques Markal"},"content":{"rendered":"<p>Cr\u00e9\u00e9e en 1936, MARKAL transforme des c\u00e9r\u00e9ales biologiques, dont le fameux boulgour, et conditionne et distribue \u00e9galement une large gamme de 800 produits biologiques.<\/p>\n<p>En insistant sur l\u2019importance de la tra\u00e7abilit\u00e9 tout au long de la cha\u00eene de production.<\/p>\n","protected":false},"excerpt":{"rendered":"<p>Cr\u00e9\u00e9e en 1936, MARKAL transforme des c\u00e9r\u00e9ales biologiques, dont le fameux boulgour, et conditionne et distribue \u00e9galement une large gamme de 800 produits biologiques. En insistant sur l\u2019importance de la tra\u00e7abilit\u00e9 tout au long de la cha\u00eene de production.<\/p>\n","protected":false},"featured_media":1888,"template":"","meta":{"_acf_changed":false,"_et_pb_use_builder":"","_et_pb_old_content":"","_et_gb_content_width":""},"pwb-brand":[84],"product_brand":[],"product_cat":[53],"product_tag":[],"class_list":{"0":"post-1891","1":"product","2":"type-product","3":"status-publish","4":"has-post-thumbnail","6":"pwb-brand-markal","7":"product_cat-bio","9":"first","10":"instock","11":"shipping-taxable","12":"product-type-simple"},"acf":[],"yoast_head":"<!-- This site is optimized with the Yoast SEO plugin v27.4 - https:\/\/yoast.com\/product\/yoast-seo-wordpress\/ -->\n<title>C\u00e9r\u00e9ales et produits biologiques Markal - Euroco<\/title>\n<meta name=\"robots\" content=\"index, follow, max-snippet:-1, max-image-preview:large, max-video-preview:-1\" \/>\n<link rel=\"canonical\" href=\"https:\/\/www.euroco.fr\/fr\/produit\/cereales-et-produits-biologiques-markal\/\" \/>\n<meta property=\"og:locale\" content=\"fr_FR\" \/>\n<meta property=\"og:type\" content=\"article\" \/>\n<meta property=\"og:title\" content=\"C\u00e9r\u00e9ales et produits biologiques Markal - Euroco\" \/>\n<meta property=\"og:description\" content=\"Cr\u00e9\u00e9e en 1936, MARKAL transforme des c\u00e9r\u00e9ales biologiques, dont le fameux boulgour, et conditionne et distribue \u00e9galement une large gamme de 800 produits biologiques. En insistant sur l\u2019importance de la tra\u00e7abilit\u00e9 tout au long de la cha\u00eene de production.\" \/>\n<meta property=\"og:url\" content=\"https:\/\/www.euroco.fr\/fr\/produit\/cereales-et-produits-biologiques-markal\/\" \/>\n<meta property=\"og:site_name\" content=\"Euroco\" \/>\n<meta property=\"og:image\" content=\"https:\/\/www.euroco.fr\/wp-content\/uploads\/2022\/11\/MARKAL-RICE-ALMOND-DRINK.jpg\" \/>\n\t<meta property=\"og:image:width\" content=\"600\" \/>\n\t<meta property=\"og:image:height\" content=\"600\" \/>\n\t<meta property=\"og:image:type\" content=\"image\/jpeg\" \/>\n<meta name=\"twitter:card\" content=\"summary_large_image\" \/>\n<meta name=\"twitter:label1\" content=\"Dur\u00e9e de lecture estim\u00e9e\" \/>\n\t<meta name=\"twitter:data1\" content=\"1 minute\" \/>\n<script type=\"application\/ld+json\" class=\"yoast-schema-graph\">{\"@context\":\"https:\\\/\\\/schema.org\",\"@graph\":[{\"@type\":\"WebPage\",\"@id\":\"https:\\\/\\\/www.euroco.fr\\\/fr\\\/produit\\\/cereales-et-produits-biologiques-markal\\\/\",\"url\":\"https:\\\/\\\/www.euroco.fr\\\/fr\\\/produit\\\/cereales-et-produits-biologiques-markal\\\/\",\"name\":\"C\u00e9r\u00e9ales et produits biologiques Markal - Euroco\",\"isPartOf\":{\"@id\":\"https:\\\/\\\/www.euroco.fr\\\/fr\\\/#website\"},\"primaryImageOfPage\":{\"@id\":\"https:\\\/\\\/www.euroco.fr\\\/fr\\\/produit\\\/cereales-et-produits-biologiques-markal\\\/#primaryimage\"},\"image\":{\"@id\":\"https:\\\/\\\/www.euroco.fr\\\/fr\\\/produit\\\/cereales-et-produits-biologiques-markal\\\/#primaryimage\"},\"thumbnailUrl\":\"https:\\\/\\\/www.euroco.fr\\\/wp-content\\\/uploads\\\/2022\\\/11\\\/MARKAL-RICE-ALMOND-DRINK.jpg\",\"datePublished\":\"2022-11-17T15:45:00+00:00\",\"breadcrumb\":{\"@id\":\"https:\\\/\\\/www.euroco.fr\\\/fr\\\/produit\\\/cereales-et-produits-biologiques-markal\\\/#breadcrumb\"},\"inLanguage\":\"fr-FR\",\"potentialAction\":[{\"@type\":\"ReadAction\",\"target\":[\"https:\\\/\\\/www.euroco.fr\\\/fr\\\/produit\\\/cereales-et-produits-biologiques-markal\\\/\"]}]},{\"@type\":\"ImageObject\",\"inLanguage\":\"fr-FR\",\"@id\":\"https:\\\/\\\/www.euroco.fr\\\/fr\\\/produit\\\/cereales-et-produits-biologiques-markal\\\/#primaryimage\",\"url\":\"https:\\\/\\\/www.euroco.fr\\\/wp-content\\\/uploads\\\/2022\\\/11\\\/MARKAL-RICE-ALMOND-DRINK.jpg\",\"contentUrl\":\"https:\\\/\\\/www.euroco.fr\\\/wp-content\\\/uploads\\\/2022\\\/11\\\/MARKAL-RICE-ALMOND-DRINK.jpg\",\"width\":600,\"height\":600},{\"@type\":\"BreadcrumbList\",\"@id\":\"https:\\\/\\\/www.euroco.fr\\\/fr\\\/produit\\\/cereales-et-produits-biologiques-markal\\\/#breadcrumb\",\"itemListElement\":[{\"@type\":\"ListItem\",\"position\":1,\"name\":\"Accueil\",\"item\":\"https:\\\/\\\/www.euroco.fr\\\/fr\\\/\"},{\"@type\":\"ListItem\",\"position\":2,\"name\":\"Les Produits\",\"item\":\"https:\\\/\\\/www.euroco.fr\\\/fr\\\/boutique\\\/\"},{\"@type\":\"ListItem\",\"position\":3,\"name\":\"C\u00e9r\u00e9ales et produits biologiques Markal\"}]},{\"@type\":\"WebSite\",\"@id\":\"https:\\\/\\\/www.euroco.fr\\\/fr\\\/#website\",\"url\":\"https:\\\/\\\/www.euroco.fr\\\/fr\\\/\",\"name\":\"Euroco\",\"description\":\"The French food supplier\",\"publisher\":{\"@id\":\"https:\\\/\\\/www.euroco.fr\\\/fr\\\/#organization\"},\"potentialAction\":[{\"@type\":\"SearchAction\",\"target\":{\"@type\":\"EntryPoint\",\"urlTemplate\":\"https:\\\/\\\/www.euroco.fr\\\/fr\\\/?s={search_term_string}\"},\"query-input\":{\"@type\":\"PropertyValueSpecification\",\"valueRequired\":true,\"valueName\":\"search_term_string\"}}],\"inLanguage\":\"fr-FR\"},{\"@type\":\"Organization\",\"@id\":\"https:\\\/\\\/www.euroco.fr\\\/fr\\\/#organization\",\"name\":\"Euroco\",\"url\":\"https:\\\/\\\/www.euroco.fr\\\/fr\\\/\",\"logo\":{\"@type\":\"ImageObject\",\"inLanguage\":\"fr-FR\",\"@id\":\"https:\\\/\\\/www.euroco.fr\\\/fr\\\/#\\\/schema\\\/logo\\\/image\\\/\",\"url\":\"https:\\\/\\\/www.euroco.fr\\\/wp-content\\\/uploads\\\/2022\\\/03\\\/logo-euroco.png\",\"contentUrl\":\"https:\\\/\\\/www.euroco.fr\\\/wp-content\\\/uploads\\\/2022\\\/03\\\/logo-euroco.png\",\"width\":1231,\"height\":501,\"caption\":\"Euroco\"},\"image\":{\"@id\":\"https:\\\/\\\/www.euroco.fr\\\/fr\\\/#\\\/schema\\\/logo\\\/image\\\/\"}}]}<\/script>\n<!-- \/ Yoast SEO plugin. -->","yoast_head_json":{"title":"C\u00e9r\u00e9ales et produits biologiques Markal - Euroco","robots":{"index":"index","follow":"follow","max-snippet":"max-snippet:-1","max-image-preview":"max-image-preview:large","max-video-preview":"max-video-preview:-1"},"canonical":"https:\/\/www.euroco.fr\/fr\/produit\/cereales-et-produits-biologiques-markal\/","og_locale":"fr_FR","og_type":"article","og_title":"C\u00e9r\u00e9ales et produits biologiques Markal - Euroco","og_description":"Cr\u00e9\u00e9e en 1936, MARKAL transforme des c\u00e9r\u00e9ales biologiques, dont le fameux boulgour, et conditionne et distribue \u00e9galement une large gamme de 800 produits biologiques. En insistant sur l\u2019importance de la tra\u00e7abilit\u00e9 tout au long de la cha\u00eene de production.","og_url":"https:\/\/www.euroco.fr\/fr\/produit\/cereales-et-produits-biologiques-markal\/","og_site_name":"Euroco","og_image":[{"width":600,"height":600,"url":"https:\/\/www.euroco.fr\/wp-content\/uploads\/2022\/11\/MARKAL-RICE-ALMOND-DRINK.jpg","type":"image\/jpeg"}],"twitter_card":"summary_large_image","twitter_misc":{"Dur\u00e9e de lecture estim\u00e9e":"1 minute"},"schema":{"@context":"https:\/\/schema.org","@graph":[{"@type":"WebPage","@id":"https:\/\/www.euroco.fr\/fr\/produit\/cereales-et-produits-biologiques-markal\/","url":"https:\/\/www.euroco.fr\/fr\/produit\/cereales-et-produits-biologiques-markal\/","name":"C\u00e9r\u00e9ales et produits biologiques Markal - Euroco","isPartOf":{"@id":"https:\/\/www.euroco.fr\/fr\/#website"},"primaryImageOfPage":{"@id":"https:\/\/www.euroco.fr\/fr\/produit\/cereales-et-produits-biologiques-markal\/#primaryimage"},"image":{"@id":"https:\/\/www.euroco.fr\/fr\/produit\/cereales-et-produits-biologiques-markal\/#primaryimage"},"thumbnailUrl":"https:\/\/www.euroco.fr\/wp-content\/uploads\/2022\/11\/MARKAL-RICE-ALMOND-DRINK.jpg","datePublished":"2022-11-17T15:45:00+00:00","breadcrumb":{"@id":"https:\/\/www.euroco.fr\/fr\/produit\/cereales-et-produits-biologiques-markal\/#breadcrumb"},"inLanguage":"fr-FR","potentialAction":[{"@type":"ReadAction","target":["https:\/\/www.euroco.fr\/fr\/produit\/cereales-et-produits-biologiques-markal\/"]}]},{"@type":"ImageObject","inLanguage":"fr-FR","@id":"https:\/\/www.euroco.fr\/fr\/produit\/cereales-et-produits-biologiques-markal\/#primaryimage","url":"https:\/\/www.euroco.fr\/wp-content\/uploads\/2022\/11\/MARKAL-RICE-ALMOND-DRINK.jpg","contentUrl":"https:\/\/www.euroco.fr\/wp-content\/uploads\/2022\/11\/MARKAL-RICE-ALMOND-DRINK.jpg","width":600,"height":600},{"@type":"BreadcrumbList","@id":"https:\/\/www.euroco.fr\/fr\/produit\/cereales-et-produits-biologiques-markal\/#breadcrumb","itemListElement":[{"@type":"ListItem","position":1,"name":"Accueil","item":"https:\/\/www.euroco.fr\/fr\/"},{"@type":"ListItem","position":2,"name":"Les Produits","item":"https:\/\/www.euroco.fr\/fr\/boutique\/"},{"@type":"ListItem","position":3,"name":"C\u00e9r\u00e9ales et produits biologiques Markal"}]},{"@type":"WebSite","@id":"https:\/\/www.euroco.fr\/fr\/#website","url":"https:\/\/www.euroco.fr\/fr\/","name":"Euroco","description":"The French food supplier","publisher":{"@id":"https:\/\/www.euroco.fr\/fr\/#organization"},"potentialAction":[{"@type":"SearchAction","target":{"@type":"EntryPoint","urlTemplate":"https:\/\/www.euroco.fr\/fr\/?s={search_term_string}"},"query-input":{"@type":"PropertyValueSpecification","valueRequired":true,"valueName":"search_term_string"}}],"inLanguage":"fr-FR"},{"@type":"Organization","@id":"https:\/\/www.euroco.fr\/fr\/#organization","name":"Euroco","url":"https:\/\/www.euroco.fr\/fr\/","logo":{"@type":"ImageObject","inLanguage":"fr-FR","@id":"https:\/\/www.euroco.fr\/fr\/#\/schema\/logo\/image\/","url":"https:\/\/www.euroco.fr\/wp-content\/uploads\/2022\/03\/logo-euroco.png","contentUrl":"https:\/\/www.euroco.fr\/wp-content\/uploads\/2022\/03\/logo-euroco.png","width":1231,"height":501,"caption":"Euroco"},"image":{"@id":"https:\/\/www.euroco.fr\/fr\/#\/schema\/logo\/image\/"}}]}},"brands":[{"id":84,"name":"Markal","slug":"markal"}],"_links":{"self":[{"href":"https:\/\/www.euroco.fr\/fr\/wp-json\/wp\/v2\/product\/1891","targetHints":{"allow":["GET"]}}],"collection":[{"href":"https:\/\/www.euroco.fr\/fr\/wp-json\/wp\/v2\/product"}],"about":[{"href":"https:\/\/www.euroco.fr\/fr\/wp-json\/wp\/v2\/types\/product"}],"wp:featuredmedia":[{"embeddable":true,"href":"https:\/\/www.euroco.fr\/fr\/wp-json\/wp\/v2\/media\/1888"}],"wp:attachment":[{"href":"https:\/\/www.euroco.fr\/fr\/wp-json\/wp\/v2\/media?parent=1891"}],"wp:term":[{"taxonomy":"pwb-brand","embeddable":true,"href":"https:\/\/www.euroco.fr\/fr\/wp-json\/wp\/v2\/pwb-brand?post=1891"},{"taxonomy":"product_brand","embeddable":true,"href":"https:\/\/www.euroco.fr\/fr\/wp-json\/wp\/v2\/product_brand?post=1891"},{"taxonomy":"product_cat","embeddable":true,"href":"https:\/\/www.euroco.fr\/fr\/wp-json\/wp\/v2\/product_cat?post=1891"},{"taxonomy":"product_tag","embeddable":true,"href":"https:\/\/www.euroco.fr\/fr\/wp-json\/wp\/v2\/product_tag?post=1891"}],"curies":[{"name":"wp","href":"https:\/\/api.w.org\/{rel}","templated":true}]}}