{"id":694,"date":"2022-03-15T10:42:11","date_gmt":"2022-03-15T09:42:11","guid":{"rendered":"https:\/\/www.euroco.fr\/departement-export\/"},"modified":"2022-11-30T13:45:46","modified_gmt":"2022-11-30T12:45:46","slug":"departement-export","status":"publish","type":"page","link":"https:\/\/www.euroco.fr\/fr\/departement-export\/","title":{"rendered":"D\u00e9partement export"},"content":{"rendered":"<p>[et_pb_section fb_built=\u00a0\u00bb1&Prime; _builder_version=\u00a0\u00bb4.16&Prime; _module_preset=\u00a0\u00bbdefault\u00a0\u00bb background_image=\u00a0\u00bbhttps:\/\/www.euroco.fr\/wp-content\/uploads\/2022\/03\/Metiers-photo-scaled.jpg\u00a0\u00bb global_colors_info=\u00a0\u00bb{}\u00a0\u00bb][et_pb_row _builder_version=\u00a0\u00bb4.16&Prime; _module_preset=\u00a0\u00bbdefault\u00a0\u00bb custom_margin=\u00a0\u00bb0px||0px||false|false\u00a0\u00bb custom_padding=\u00a0\u00bb0px||0px||false|false\u00a0\u00bb global_colors_info=\u00a0\u00bb{}\u00a0\u00bb][et_pb_column type=\u00a0\u00bb4_4&Prime; _builder_version=\u00a0\u00bb4.16&Prime; _module_preset=\u00a0\u00bbdefault\u00a0\u00bb global_colors_info=\u00a0\u00bb{}\u00a0\u00bb][et_pb_text _builder_version=\u00a0\u00bb4.16&Prime; _module_preset=\u00a0\u00bbdefault\u00a0\u00bb header_text_color=\u00a0\u00bb#FFFFFF\u00a0\u00bb header_font_size=\u00a0\u00bb90px\u00a0\u00bb global_colors_info=\u00a0\u00bb{}\u00a0\u00bb]<\/p>\n<h1>M\u00e9tiers\u00a0<\/h1>\n<p>[\/et_pb_text][\/et_pb_column][\/et_pb_row][\/et_pb_section][et_pb_section fb_built=\u00a0\u00bb1&Prime; _builder_version=\u00a0\u00bb4.19.1&Prime; _module_preset=\u00a0\u00bbdefault\u00a0\u00bb custom_margin=\u00a0\u00bb||70px||false|false\u00a0\u00bb hover_enabled=\u00a0\u00bb0&Prime; global_colors_info=\u00a0\u00bb{}\u00a0\u00bb custom_padding=\u00a0\u00bb||50px||false|false\u00a0\u00bb sticky_enabled=\u00a0\u00bb0&Prime;][et_pb_row column_structure=\u00a0\u00bb2_3,1_3&Prime; _builder_version=\u00a0\u00bb4.19.1&Prime; _module_preset=\u00a0\u00bbdefault\u00a0\u00bb custom_margin=\u00a0\u00bb-30px||||false|false\u00a0\u00bb hover_enabled=\u00a0\u00bb0&Prime; global_colors_info=\u00a0\u00bb{}\u00a0\u00bb sticky_enabled=\u00a0\u00bb0&Prime; custom_padding=\u00a0\u00bb||||false|false\u00a0\u00bb][et_pb_column type=\u00a0\u00bb2_3&Prime; _builder_version=\u00a0\u00bb4.16&Prime; _module_preset=\u00a0\u00bbdefault\u00a0\u00bb global_colors_info=\u00a0\u00bb{}\u00a0\u00bb][et_pb_text _builder_version=\u00a0\u00bb4.17.4&Prime; _module_preset=\u00a0\u00bbdefault\u00a0\u00bb text_font_size=\u00a0\u00bb17px\u00a0\u00bb text_line_height=\u00a0\u00bb1.8em\u00a0\u00bb header_text_color=\u00a0\u00bb#0E72B5&Prime; header_2_text_color=\u00a0\u00bb#0E72B5&Prime; header_2_line_height=\u00a0\u00bb1.5em\u00a0\u00bb text_orientation=\u00a0\u00bbjustified\u00a0\u00bb custom_margin=\u00a0\u00bb||||false|false\u00a0\u00bb custom_padding=\u00a0\u00bb||1px||false|false\u00a0\u00bb animation_style=\u00a0\u00bbfade\u00a0\u00bb global_colors_info=\u00a0\u00bb{}\u00a0\u00bb]<\/p>\n<h2>D\u00c9PARTEMENT EXPORT<\/h2>\n<p>Vous souhaitez commencer \u00e0 exporter vos produits alimentaires sur certains march\u00e9s identifi\u00e9s, il vous manque certaines informations concernant la distribution locale, l\u2019adaptation de vos produits ou la r\u00e9glementation douani\u00e8re,<strong> n\u2019h\u00e9sitez pas \u00e0 nous contacter en remplissant le formulaire apr\u00e8s avoir cliqu\u00e9 sur le lien ci-dessous.<\/strong> Nous vous recontacterons pour une premi\u00e8re prise de contact sous 48h.<span class=\"Apple-converted-space\">\u00a0<\/span><\/p>\n<p>[\/et_pb_text][et_pb_button button_url=\u00a0\u00bb@ET-DC@eyJkeW5hbWljIjp0cnVlLCJjb250ZW50IjoicG9zdF9saW5rX3VybF9wYWdlIiwic2V0dGluZ3MiOnsicG9zdF9pZCI6IjYzIn19@\u00a0\u00bb button_text=\u00a0\u00bbContactez-nous\u00a0\u00bb _builder_version=\u00a0\u00bb4.16&Prime; _dynamic_attributes=\u00a0\u00bbbutton_url\u00a0\u00bb _module_preset=\u00a0\u00bbdefault\u00a0\u00bb custom_button=\u00a0\u00bbon\u00a0\u00bb button_text_color=\u00a0\u00bb#FFFFFF\u00a0\u00bb button_bg_color=\u00a0\u00bb#E66504&Prime; custom_margin=\u00a0\u00bb-20px||||false|false\u00a0\u00bb global_colors_info=\u00a0\u00bb{}\u00a0\u00bb][\/et_pb_button][et_pb_text _builder_version=\u00a0\u00bb4.17.4&Prime; _module_preset=\u00a0\u00bbdefault\u00a0\u00bb text_font_size=\u00a0\u00bb17px\u00a0\u00bb text_line_height=\u00a0\u00bb1.8em\u00a0\u00bb header_text_color=\u00a0\u00bb#0E72B5&Prime; header_2_text_color=\u00a0\u00bb#0E72B5&Prime; header_2_line_height=\u00a0\u00bb1.5em\u00a0\u00bb text_orientation=\u00a0\u00bbjustified\u00a0\u00bb custom_margin=\u00a0\u00bb||||false|false\u00a0\u00bb custom_padding=\u00a0\u00bb||||false|false\u00a0\u00bb animation_style=\u00a0\u00bbfade\u00a0\u00bb global_colors_info=\u00a0\u00bb{}\u00a0\u00bb]<\/p>\n<p><strong>Gr\u00e2ce \u00e0 sa connaissance des march\u00e9s internationaux et des r\u00e8glementations locales pour la mise en conformit\u00e9 des produits,<\/strong> EUROCO peut pr\u00e9senter les produits des entreprises qui souhaitent d\u00e9velopper leur activit\u00e9 sur de nouveaux march\u00e9s \u00e0 ses r\u00e9seaux d\u2019importateurs \/ distributeurs g\u00e9n\u00e9ralistes ou sp\u00e9cialis\u00e9s par r\u00e9seaux retail, foodservice, E-commerce.<\/p>\n<p>Nous pourrons pr\u00e9senter vos produits \u00e0 nos partenaires et identifier ensemble les points n\u00e9cessaires pour rendre vos produits commercialisables en respect de la l\u00e9gislation et des normes du pays cibl\u00e9.<span class=\"Apple-converted-space\">\u00a0<\/span>Nous vous indiquerons \u00e9galement la documentation n\u00e9cessaire pour les proc\u00e9dures douani\u00e8res.<\/p>\n<p><strong>EUROCO vous facilite la gestion des op\u00e9rations d\u2019assurances cr\u00e9dit.<\/strong> EUROCO, couvert par les principales soci\u00e9t\u00e9s de courtage en assurances cr\u00e9dit sera votre client et vos marchandises seront achet\u00e9es en France et en euros.<\/p>\n<p>[\/et_pb_text][\/et_pb_column][et_pb_column type=\u00a0\u00bb1_3&Prime; _builder_version=\u00a0\u00bb4.16&Prime; _module_preset=\u00a0\u00bbdefault\u00a0\u00bb global_colors_info=\u00a0\u00bb{}\u00a0\u00bb][et_pb_image src=\u00a0\u00bbhttps:\/\/www.euroco.fr\/wp-content\/uploads\/2022\/03\/Logistique-export.png\u00a0\u00bb title_text=\u00a0\u00bbLogistique export\u00a0\u00bb show_bottom_space=\u00a0\u00bboff\u00a0\u00bb align=\u00a0\u00bbcenter\u00a0\u00bb _builder_version=\u00a0\u00bb4.17.4&Prime; _module_preset=\u00a0\u00bbdefault\u00a0\u00bb width=\u00a0\u00bb82%\u00a0\u00bb width_tablet=\u00a0\u00bb65%\u00a0\u00bb width_phone=\u00a0\u00bb65%\u00a0\u00bb width_last_edited=\u00a0\u00bbon|tablet\u00a0\u00bb custom_margin=\u00a0\u00bb99px|70px|||false|false\u00a0\u00bb custom_margin_tablet=\u00a0\u00bb0px|0px|40px||false|false\u00a0\u00bb custom_margin_phone=\u00a0\u00bb0px|0px|40px||false|false\u00a0\u00bb custom_margin_last_edited=\u00a0\u00bbon|tablet\u00a0\u00bb animation_style=\u00a0\u00bbslide\u00a0\u00bb animation_direction=\u00a0\u00bbtop\u00a0\u00bb animation_intensity_slide=\u00a0\u00bb3%\u00a0\u00bb module_alignment_tablet=\u00a0\u00bbcenter\u00a0\u00bb module_alignment_phone=\u00a0\u00bbcenter\u00a0\u00bb module_alignment_last_edited=\u00a0\u00bbon|tablet\u00a0\u00bb global_colors_info=\u00a0\u00bb{}\u00a0\u00bb][\/et_pb_image][\/et_pb_column][\/et_pb_row][\/et_pb_section]<\/p>\n","protected":false},"excerpt":{"rendered":"<p>M\u00e9tiers\u00a0D\u00c9PARTEMENT EXPORT Vous souhaitez commencer \u00e0 exporter vos produits alimentaires sur certains march\u00e9s identifi\u00e9s, il vous manque certaines informations concernant la distribution locale, l\u2019adaptation de vos produits ou la r\u00e9glementation douani\u00e8re, n\u2019h\u00e9sitez pas \u00e0 nous contacter en remplissant le formulaire apr\u00e8s avoir cliqu\u00e9 sur le lien ci-dessous. Nous vous recontacterons pour une premi\u00e8re prise de [&hellip;]<\/p>\n","protected":false},"author":1,"featured_media":0,"parent":0,"menu_order":0,"comment_status":"closed","ping_status":"closed","template":"","meta":{"_acf_changed":false,"_et_pb_use_builder":"on","_et_pb_old_content":"","_et_gb_content_width":"","footnotes":""},"class_list":["post-694","page","type-page","status-publish","hentry"],"acf":[],"yoast_head":"<!-- This site is optimized with the Yoast SEO plugin v27.4 - https:\/\/yoast.com\/product\/yoast-seo-wordpress\/ -->\n<title>D\u00e9partement export - Euroco<\/title>\n<meta name=\"robots\" content=\"index, follow, max-snippet:-1, max-image-preview:large, max-video-preview:-1\" \/>\n<link rel=\"canonical\" href=\"https:\/\/www.euroco.fr\/fr\/departement-export\/\" \/>\n<meta property=\"og:locale\" content=\"fr_FR\" \/>\n<meta property=\"og:type\" content=\"article\" \/>\n<meta property=\"og:title\" content=\"D\u00e9partement export - Euroco\" \/>\n<meta property=\"og:description\" content=\"M\u00e9tiers\u00a0D\u00c9PARTEMENT EXPORT Vous souhaitez commencer \u00e0 exporter vos produits alimentaires sur certains march\u00e9s identifi\u00e9s, il vous manque certaines informations concernant la distribution locale, l\u2019adaptation de vos produits ou la r\u00e9glementation douani\u00e8re, n\u2019h\u00e9sitez pas \u00e0 nous contacter en remplissant le formulaire apr\u00e8s avoir cliqu\u00e9 sur le lien ci-dessous. Nous vous recontacterons pour une premi\u00e8re prise de [&hellip;]\" \/>\n<meta property=\"og:url\" content=\"https:\/\/www.euroco.fr\/fr\/departement-export\/\" \/>\n<meta property=\"og:site_name\" content=\"Euroco\" \/>\n<meta property=\"article:modified_time\" content=\"2022-11-30T12:45:46+00:00\" \/>\n<meta name=\"twitter:card\" content=\"summary_large_image\" \/>\n<meta name=\"twitter:label1\" content=\"Dur\u00e9e de lecture estim\u00e9e\" \/>\n\t<meta name=\"twitter:data1\" content=\"3 minutes\" \/>\n<script type=\"application\/ld+json\" class=\"yoast-schema-graph\">{\"@context\":\"https:\\\/\\\/schema.org\",\"@graph\":[{\"@type\":\"WebPage\",\"@id\":\"https:\\\/\\\/www.euroco.fr\\\/fr\\\/departement-export\\\/\",\"url\":\"https:\\\/\\\/www.euroco.fr\\\/fr\\\/departement-export\\\/\",\"name\":\"D\u00e9partement export - Euroco\",\"isPartOf\":{\"@id\":\"https:\\\/\\\/www.euroco.fr\\\/fr\\\/#website\"},\"datePublished\":\"2022-03-15T09:42:11+00:00\",\"dateModified\":\"2022-11-30T12:45:46+00:00\",\"breadcrumb\":{\"@id\":\"https:\\\/\\\/www.euroco.fr\\\/fr\\\/departement-export\\\/#breadcrumb\"},\"inLanguage\":\"fr-FR\",\"potentialAction\":[{\"@type\":\"ReadAction\",\"target\":[\"https:\\\/\\\/www.euroco.fr\\\/fr\\\/departement-export\\\/\"]}]},{\"@type\":\"BreadcrumbList\",\"@id\":\"https:\\\/\\\/www.euroco.fr\\\/fr\\\/departement-export\\\/#breadcrumb\",\"itemListElement\":[{\"@type\":\"ListItem\",\"position\":1,\"name\":\"Accueil\",\"item\":\"https:\\\/\\\/www.euroco.fr\\\/fr\\\/\"},{\"@type\":\"ListItem\",\"position\":2,\"name\":\"D\u00e9partement export\"}]},{\"@type\":\"WebSite\",\"@id\":\"https:\\\/\\\/www.euroco.fr\\\/fr\\\/#website\",\"url\":\"https:\\\/\\\/www.euroco.fr\\\/fr\\\/\",\"name\":\"Euroco\",\"description\":\"The French food supplier\",\"publisher\":{\"@id\":\"https:\\\/\\\/www.euroco.fr\\\/fr\\\/#organization\"},\"potentialAction\":[{\"@type\":\"SearchAction\",\"target\":{\"@type\":\"EntryPoint\",\"urlTemplate\":\"https:\\\/\\\/www.euroco.fr\\\/fr\\\/?s={search_term_string}\"},\"query-input\":{\"@type\":\"PropertyValueSpecification\",\"valueRequired\":true,\"valueName\":\"search_term_string\"}}],\"inLanguage\":\"fr-FR\"},{\"@type\":\"Organization\",\"@id\":\"https:\\\/\\\/www.euroco.fr\\\/fr\\\/#organization\",\"name\":\"Euroco\",\"url\":\"https:\\\/\\\/www.euroco.fr\\\/fr\\\/\",\"logo\":{\"@type\":\"ImageObject\",\"inLanguage\":\"fr-FR\",\"@id\":\"https:\\\/\\\/www.euroco.fr\\\/fr\\\/#\\\/schema\\\/logo\\\/image\\\/\",\"url\":\"https:\\\/\\\/www.euroco.fr\\\/wp-content\\\/uploads\\\/2022\\\/03\\\/logo-euroco.png\",\"contentUrl\":\"https:\\\/\\\/www.euroco.fr\\\/wp-content\\\/uploads\\\/2022\\\/03\\\/logo-euroco.png\",\"width\":1231,\"height\":501,\"caption\":\"Euroco\"},\"image\":{\"@id\":\"https:\\\/\\\/www.euroco.fr\\\/fr\\\/#\\\/schema\\\/logo\\\/image\\\/\"}}]}<\/script>\n<!-- \/ Yoast SEO plugin. -->","yoast_head_json":{"title":"D\u00e9partement export - Euroco","robots":{"index":"index","follow":"follow","max-snippet":"max-snippet:-1","max-image-preview":"max-image-preview:large","max-video-preview":"max-video-preview:-1"},"canonical":"https:\/\/www.euroco.fr\/fr\/departement-export\/","og_locale":"fr_FR","og_type":"article","og_title":"D\u00e9partement export - Euroco","og_description":"M\u00e9tiers\u00a0D\u00c9PARTEMENT EXPORT Vous souhaitez commencer \u00e0 exporter vos produits alimentaires sur certains march\u00e9s identifi\u00e9s, il vous manque certaines informations concernant la distribution locale, l\u2019adaptation de vos produits ou la r\u00e9glementation douani\u00e8re, n\u2019h\u00e9sitez pas \u00e0 nous contacter en remplissant le formulaire apr\u00e8s avoir cliqu\u00e9 sur le lien ci-dessous. Nous vous recontacterons pour une premi\u00e8re prise de [&hellip;]","og_url":"https:\/\/www.euroco.fr\/fr\/departement-export\/","og_site_name":"Euroco","article_modified_time":"2022-11-30T12:45:46+00:00","twitter_card":"summary_large_image","twitter_misc":{"Dur\u00e9e de lecture estim\u00e9e":"3 minutes"},"schema":{"@context":"https:\/\/schema.org","@graph":[{"@type":"WebPage","@id":"https:\/\/www.euroco.fr\/fr\/departement-export\/","url":"https:\/\/www.euroco.fr\/fr\/departement-export\/","name":"D\u00e9partement export - Euroco","isPartOf":{"@id":"https:\/\/www.euroco.fr\/fr\/#website"},"datePublished":"2022-03-15T09:42:11+00:00","dateModified":"2022-11-30T12:45:46+00:00","breadcrumb":{"@id":"https:\/\/www.euroco.fr\/fr\/departement-export\/#breadcrumb"},"inLanguage":"fr-FR","potentialAction":[{"@type":"ReadAction","target":["https:\/\/www.euroco.fr\/fr\/departement-export\/"]}]},{"@type":"BreadcrumbList","@id":"https:\/\/www.euroco.fr\/fr\/departement-export\/#breadcrumb","itemListElement":[{"@type":"ListItem","position":1,"name":"Accueil","item":"https:\/\/www.euroco.fr\/fr\/"},{"@type":"ListItem","position":2,"name":"D\u00e9partement export"}]},{"@type":"WebSite","@id":"https:\/\/www.euroco.fr\/fr\/#website","url":"https:\/\/www.euroco.fr\/fr\/","name":"Euroco","description":"The French food supplier","publisher":{"@id":"https:\/\/www.euroco.fr\/fr\/#organization"},"potentialAction":[{"@type":"SearchAction","target":{"@type":"EntryPoint","urlTemplate":"https:\/\/www.euroco.fr\/fr\/?s={search_term_string}"},"query-input":{"@type":"PropertyValueSpecification","valueRequired":true,"valueName":"search_term_string"}}],"inLanguage":"fr-FR"},{"@type":"Organization","@id":"https:\/\/www.euroco.fr\/fr\/#organization","name":"Euroco","url":"https:\/\/www.euroco.fr\/fr\/","logo":{"@type":"ImageObject","inLanguage":"fr-FR","@id":"https:\/\/www.euroco.fr\/fr\/#\/schema\/logo\/image\/","url":"https:\/\/www.euroco.fr\/wp-content\/uploads\/2022\/03\/logo-euroco.png","contentUrl":"https:\/\/www.euroco.fr\/wp-content\/uploads\/2022\/03\/logo-euroco.png","width":1231,"height":501,"caption":"Euroco"},"image":{"@id":"https:\/\/www.euroco.fr\/fr\/#\/schema\/logo\/image\/"}}]}},"_links":{"self":[{"href":"https:\/\/www.euroco.fr\/fr\/wp-json\/wp\/v2\/pages\/694","targetHints":{"allow":["GET"]}}],"collection":[{"href":"https:\/\/www.euroco.fr\/fr\/wp-json\/wp\/v2\/pages"}],"about":[{"href":"https:\/\/www.euroco.fr\/fr\/wp-json\/wp\/v2\/types\/page"}],"author":[{"embeddable":true,"href":"https:\/\/www.euroco.fr\/fr\/wp-json\/wp\/v2\/users\/1"}],"replies":[{"embeddable":true,"href":"https:\/\/www.euroco.fr\/fr\/wp-json\/wp\/v2\/comments?post=694"}],"version-history":[{"count":7,"href":"https:\/\/www.euroco.fr\/fr\/wp-json\/wp\/v2\/pages\/694\/revisions"}],"predecessor-version":[{"id":13842,"href":"https:\/\/www.euroco.fr\/fr\/wp-json\/wp\/v2\/pages\/694\/revisions\/13842"}],"wp:attachment":[{"href":"https:\/\/www.euroco.fr\/fr\/wp-json\/wp\/v2\/media?parent=694"}],"curies":[{"name":"wp","href":"https:\/\/api.w.org\/{rel}","templated":true}]}}